{"id":1661,"date":"2022-03-07T08:52:01","date_gmt":"2022-03-07T08:52:01","guid":{"rendered":"http:\/\/10.80.100.11\/politica-de-privacidad\/"},"modified":"2022-03-07T08:52:43","modified_gmt":"2022-03-07T08:52:43","slug":"politica-de-privacitat","status":"publish","type":"page","link":"https:\/\/www.susanatarre.com\/ca\/politica-de-privacitat\/","title":{"rendered":"Pol\u00edtica de Privacitat"},"content":{"rendered":"\t\t<div data-elementor-type=\"wp-page\" data-elementor-id=\"1661\" class=\"elementor elementor-1661 elementor-489\" data-elementor-settings=\"[]\">\n\t\t\t\t\t\t\t<div class=\"elementor-section-wrap\">\n\t\t\t\t\t\t\t<section class=\"elementor-section elementor-top-section elementor-element elementor-element-de1e127 elementor-section-boxed elementor-section-height-default elementor-section-height-default parallax_section_no qode_elementor_container_no\" data-id=\"de1e127\" data-element_type=\"section\">\n\t\t\t\t\t\t<div class=\"elementor-container elementor-column-gap-default\">\n\t\t\t\t\t<div class=\"elementor-column elementor-col-100 elementor-top-column elementor-element elementor-element-f37e4e4\" data-id=\"f37e4e4\" data-element_type=\"column\">\n\t\t\t<div class=\"elementor-widget-wrap elementor-element-populated\">\n\t\t\t\t\t\t\t\t<div class=\"elementor-element elementor-element-07f8c91 parrafo_small elementor-widget elementor-widget-text-editor\" data-id=\"07f8c91\" data-element_type=\"widget\" data-widget_type=\"text-editor.default\">\n\t\t\t\t<div class=\"elementor-widget-container\">\n\t\t\t<style>\/*! elementor - v3.5.5 - 03-02-2022 *\/\n.elementor-widget-text-editor.elementor-drop-cap-view-stacked .elementor-drop-cap{background-color:#818a91;color:#fff}.elementor-widget-text-editor.elementor-drop-cap-view-framed .elementor-drop-cap{color:#818a91;border:3px solid;background-color:transparent}.elementor-widget-text-editor:not(.elementor-drop-cap-view-default) .elementor-drop-cap{margin-top:8px}.elementor-widget-text-editor:not(.elementor-drop-cap-view-default) .elementor-drop-cap-letter{width:1em;height:1em}.elementor-widget-text-editor .elementor-drop-cap{float:left;text-align:center;line-height:1;font-size:50px}.elementor-widget-text-editor .elementor-drop-cap-letter{display:inline-block}<\/style>\t\t\t\t<p>Esta Pol\u00edtica de Privacidad establece las bases sobre las que\u00a0<strong>SUSANA MART\u00cdN TARR\u00c9<\/strong>, con NIF 44018266S con base en Barcelona, Catalu\u00f1a, Espa\u00f1a. La empresa actualmente opera en Espa\u00f1a y est\u00e1 orientada a la prestaci\u00f3n de servicios. La marca comercial es\u00a0<strong>SUSANA TARR\u00c9<\/strong>\u00a0y opera conforme a la legislaci\u00f3n vigente en materia de Protecci\u00f3n de Datos de Car\u00e1cter Personal.\u00a0<strong>SUSANA TARR\u00c9<\/strong>\u00a0informa al\/los usuario\/s (el\/los \u201cUsuario\/s\u201d) del Sitio Web\u00a0<a href=\"http:\/\/10.80.100.11\/ca\/\" target=\"_blank\" rel=\"noopener\">susanatarre.com\u00a0<\/a>(en adelante, la \u201cWeb\u201d) acerca de la Pol\u00edtica de Privacidad que aplicar\u00e1 en el tratamiento de los datos personales que el Usuario facilite.<\/p>\n<p>El usuario proporciona a\u00a0<strong>SUSANA TARR\u00c9<\/strong> sus datos personales a trav\u00e9s de varios canales. Ya sea al registrarse en la web mediante la cumplimentaci\u00f3n del formulario de registro, as\u00ed como durante el proceso de compra o en las interacciones en la web. Al hacer esto, el usuario consentir\u00e1 que pueda tratar esos datos en los t\u00e9rminos establecidos en la presente Pol\u00edtica de Privacidad.<\/p>\n<h3>Datos del titular:<\/h3>\n<ul>\n<li>Titular: SUSANA MART\u00cdN TARR\u00c9<\/li>\n<li>NIF\/CIF: 44018266S<\/li>\n<li>Domicilio: Sant Adri\u00e0 135, 08030 \u2013 Barcelona (Espa\u00f1a)<\/li>\n<li>Correo electr\u00f3nico: sus_damina@hotmail.com<\/li>\n<li>Sitio Web: www.susanatarre.com<\/li>\n<\/ul>\n<h3>Obtenci\u00f3n de datos personal<\/h3>\n<p>Para navegar por la web no es necesario que facilites ning\u00fan dato personal. Los casos en los que s\u00ed proporcionas tus datos personales son los siguientes:<\/p>\n<ul>\n<li>Contactar a trav\u00e9s de los formularios de contacto o enviar un correo electr\u00f3nico.<\/li>\n<li>Realizar un comentario en un art\u00edculo o p\u00e1gina.<\/li>\n<\/ul>\n<h3><strong>Tus derechos en cuanto a Pol\u00edtica de Privacidad<\/strong><\/h3>\n<p>El Titular te informa que sobre tus datos personales tienes derecho a solicitar lo siguiente:<\/p>\n<ul>\n<li>El acceso a los datos almacenados.<\/li>\n<li>Una rectificaci\u00f3n o la cancelaci\u00f3n.<\/li>\n<li>La limitaci\u00f3n de su tratamiento.<\/li>\n<li>Oponerte al tratamiento.<\/li>\n<li>La portabilidad de tus datos.<\/li>\n<\/ul>\n<p>El ejercicio de estos derechos es personal y por tanto debe ser ejercido directamente por el interesado, lo solicitar\u00e1 directamente al Titular. As\u00ed pues, cualquier cliente que haya facilitado sus datos en alg\u00fan momento puede dirigirse al Titular. Puede pedir informaci\u00f3n sobre los datos que tiene almacenados y c\u00f3mo los ha obtenido, solicitar la rectificaci\u00f3n de los mismos, la portabilidad de sus datos personales, oponerse al tratamiento, limitar su uso o solicitar la cancelaci\u00f3n de esos datos en los ficheros del Titular.<\/p>\n<p>Para ejercitar tus derechos de acceso, rectificaci\u00f3n, cancelaci\u00f3n, portabilidad y oposici\u00f3n tienes que enviar un correo electr\u00f3nico a <a href=\"mailto:sus_damina@hotmail.com\" target=\"_blank\" rel=\"noopener\">sus_damina@hotmail.com<\/a> junto con una fotocopia del D.N.I. o equivalente.<\/p>\n<p>Tienes derecho a la tutela judicial efectiva y a presentar una reclamaci\u00f3n ante la autoridad de control. En este caso, la Agencia Espa\u00f1ola de Protecci\u00f3n de Datos, si consideras que el tratamiento de datos personales que te conciernen infringe el Reglamento.<\/p>\n<h3>Pol\u00edtica de Privacidad \u2013 Finalidad del tratamiento de datos<\/h3>\n<p>Cuando te conectas a la web para mandar un correo al Titular o realizas una contrataci\u00f3n, est\u00e1s facilitando informaci\u00f3n de car\u00e1cter personal de la que el responsable es el Titular. Esta informaci\u00f3n puede incluir datos de car\u00e1cter personal como pueden ser tu direcci\u00f3n IP, nombre y apellidos, direcci\u00f3n f\u00edsica, direcci\u00f3n de correo electr\u00f3nico, n\u00famero de tel\u00e9fono, y otra informaci\u00f3n. Al facilitar esta informaci\u00f3n, das tu consentimiento para que tu informaci\u00f3n sea recopilada, utilizada, gestionada y almacenada por SUSANA MART\u00cdN TARR\u00c9, s\u00f3lo como se describe en la presente Pol\u00edtica de Privacidad.<\/p>\n<p>Los\u00a0<strong>datos personales y la finalidad del tratamiento<\/strong>\u00a0por parte del Titular es diferente seg\u00fan el sistema de captura de informaci\u00f3n:<\/p>\n<ul>\n<li><strong>Formularios de contacto<\/strong>. El Titular solicita datos personales entre los que pueden estar: Nombre y apellidos, direcci\u00f3n de correo electr\u00f3nico, n\u00famero de tel\u00e9fono y direcci\u00f3n de tu sitio Web con la finalidad de responder a tus consultas. Por ejemplo, el Titular utiliza esos datos para dar respuesta a tus mensajes, dudas, quejas, comentarios o inquietudes que puedas tener relativas a la informaci\u00f3n incluida en el sitio Web, los servicios que se prestan a trav\u00e9s del sitio Web, el tratamiento de tus datos personales, cuestiones referentes a los textos legales incluidos en el sitio Web, as\u00ed como cualquier otra consulta que puedas tener y que no est\u00e9 sujeta a las condiciones del sitio Web o de la contrataci\u00f3n.<\/li>\n<li><strong>Formularios de suscripci\u00f3n a contenidos<\/strong>.\u00a0El Titular solicita los siguientes datos personales: Nombre y apellidos, direcci\u00f3n de correo electr\u00f3nico, n\u00famero de tel\u00e9fono y direcci\u00f3n de tu sitio web para gestionar la lista de suscripciones, enviar boletines, promociones y ofertas especiales.<\/li>\n<\/ul>\n<p>Los datos que facilites al Titular estar\u00e1n ubicados en los servidores de CDMON, con domicilio en Barcelona.<\/p>\n<h3>Otras finalidades<\/h3>\n<p>Existen otras finalidades por las que el Titular trata tus datos personales:<\/p>\n<ul>\n<li><strong>Para\u00a0garantizar el cumplimiento de las condiciones recogidas<\/strong>\u00a0en el <a href=\"http:\/\/10.80.100.11\/ca\/aviso-legal\/\">Aviso Legal<\/a> y en la ley aplicable. Esto puede incluir el desarrollo de herramientas y algoritmos que ayuden a este sitio Web a garantizar la confidencialidad de los datos personales que recoge. Para apoyar y mejorar los servicios que ofrece este sitio Web.<\/li>\n<li><strong>Para analizar la navegaci\u00f3n<\/strong>.\u00a0El Titular recoge otros datos no identificativos que se obtienen mediante el uso de cookies que se descargan en tu ordenador cuando navegas por el sitio Web cuyas caracter\u00edsticas y finalidad est\u00e1n detalladas en la Pol\u00edtica de Cookies.<\/li>\n<li><strong>Para gestionar las redes sociales<\/strong>.\u00a0El Titular tiene presencia en redes sociales. Si te haces seguidor en las redes sociales del Titular el tratamiento de los datos personales se regir\u00e1 por este apartado, as\u00ed como por aquellas condiciones de uso, pol\u00edticas de privacidad y normativas de acceso que pertenezcan a la red social que proceda en cada caso y que has aceptado previamente.<\/li>\n<\/ul>\n<p>Puedes consultar las pol\u00edticas de privacidad de las principales redes sociales en estos enlaces:<\/p>\n<ul>\n<li><a href=\"https:\/\/es-es.facebook.com\/privacy\/explanation\" target=\"_blank\" rel=\"noopener\">Facebook<\/a><\/li>\n<li><a href=\"https:\/\/es-la.facebook.com\/help\/instagram\/155833707900388\" target=\"_blank\" rel=\"noopener\">Instagram<\/a><\/li>\n<\/ul>\n<p>El Titular tratar\u00e1 tus datos personales con la finalidad de administrar correctamente su presencia en la red social, informarte de sus actividades, productos o servicios, as\u00ed como para cualquier otra finalidad que las normativas de las redes sociales permitan.<\/p>\n<p>En ning\u00fan caso el Titular utilizar\u00e1 los perfiles de seguidores en redes sociales para enviar publicidad de manera individual.<\/p>\n<h3>Seguridad de los datos personales<\/h3>\n<p>Para proteger tus datos personales, el Titular toma todas las precauciones razonables y sigue las mejores pr\u00e1cticas de la industria para evitar su p\u00e9rdida, mal uso, acceso indebido, divulgaci\u00f3n, alteraci\u00f3n o destrucci\u00f3n de los mismos.<\/p>\n<p>El sitio Web est\u00e1 alojado en CDMON. La seguridad de tus datos est\u00e1 garantizada, ya que toman todas las medidas de seguridad necesarias para ello. Puedes consultar su pol\u00edtica de privacidad para tener m\u00e1s informaci\u00f3n.<\/p>\n<h3>Contenidos de otros sitios web<\/h3>\n<p>Las p\u00e1ginas de este sitio Web pueden incluir contenido incrustado (por ejemplo, v\u00eddeos, im\u00e1genes, art\u00edculos, etc.). El contenido incrustado de otras web se comporta exactamente de la misma manera que si hubieras visitado la otra web.<\/p>\n<p>Estos sitios Web pueden recopilar datos sobre ti, utilizar cookies, incrustar un c\u00f3digo de seguimiento adicional de terceros, y supervisar tu interacci\u00f3n usando este c\u00f3digo.<\/p>\n<h3>Aceptaci\u00f3n y consentimiento de la Pol\u00edtica de Privacidad<\/h3>\n<p>Como Usuario del sitio Web declaras haber sido informado de las condiciones sobre protecci\u00f3n de datos de car\u00e1cter personal, aceptas y consientes el tratamiento de los mismos por parte de el Titular en la forma y para las finalidades indicadas en esta Pol\u00edtica de Privacidad.<\/p>\n<h3>Revocabilidad<\/h3>\n<p>Para ejercitar tus derechos de acceso, rectificaci\u00f3n, cancelaci\u00f3n, portabilidad y oposici\u00f3n tienes que enviar un correo electr\u00f3nico a\u00a0<a href=\"mailto:sus_damina@hotmail.com\" target=\"_blank\" rel=\"noopener\">sus_damina@hotmail.com<\/a>\u00a0junto con la prueba v\u00e1lida en derecho como una fotocopia del D.N.I. o equivalente.<\/p>\n<p>El ejercicio de tus derechos no incluye ning\u00fan dato que el Titular est\u00e9 obligado a conservar con fines administrativos, legales o de seguridad.<\/p>\n<h3>Cambios en la pol\u00edtica de privacidad<\/h3>\n<p>El Titular se reserva el derecho a modificar la presente Pol\u00edtica de Privacidad para adaptarla a novedades legislativas o jurisprudenciales, as\u00ed como a pr\u00e1cticas de la industria. Estas pol\u00edticas estar\u00e1n vigentes hasta que sean modificadas por otras debidamente publicadas.<\/p>\n\t\t\t\t\t\t<\/div>\n\t\t\t\t<\/div>\n\t\t\t\t\t<\/div>\n\t\t<\/div>\n\t\t\t\t\t\t\t<\/div>\n\t\t<\/section>\n\t\t\t\t\t\t<\/div>\n\t\t\t\t\t<\/div>\n\t\t","protected":false},"excerpt":{"rendered":"<p>Esta Pol\u00edtica de Privacidad establece las bases sobre las que\u00a0SUSANA MART\u00cdN TARR\u00c9, con NIF 44018266S con base en Barcelona, Catalu\u00f1a, Espa\u00f1a. La empresa actualmente opera en Espa\u00f1a y est\u00e1 orientada a la prestaci\u00f3n de servicios. La marca comercial es\u00a0SUSANA TARR\u00c9\u00a0y opera conforme a la legislaci\u00f3n&#8230;<\/p>\n","protected":false},"author":1,"featured_media":0,"parent":0,"menu_order":0,"comment_status":"closed","ping_status":"closed","template":"","meta":{"footnotes":""},"class_list":["post-1661","page","type-page","status-publish","hentry"],"yoast_head":"<!-- This site is optimized with the Yoast SEO plugin v20.1 - https:\/\/yoast.com\/wordpress\/plugins\/seo\/ -->\n<title>Pol\u00edtica de Privacitat - susanatarre.com<\/title>\n<meta name=\"robots\" content=\"index, follow, max-snippet:-1, max-image-preview:large, max-video-preview:-1\" \/>\n<link rel=\"canonical\" href=\"https:\/\/www.susanatarre.com\/ca\/politica-de-privacitat\/\" \/>\n<meta property=\"og:locale\" content=\"ca_ES\" \/>\n<meta property=\"og:type\" content=\"article\" \/>\n<meta property=\"og:title\" content=\"Pol\u00edtica de Privacitat - susanatarre.com\" \/>\n<meta property=\"og:description\" content=\"Esta Pol\u00edtica de Privacidad establece las bases sobre las que\u00a0SUSANA MART\u00cdN TARR\u00c9, con NIF 44018266S con base en Barcelona, Catalu\u00f1a, Espa\u00f1a. La empresa actualmente opera en Espa\u00f1a y est\u00e1 orientada a la prestaci\u00f3n de servicios. La marca comercial es\u00a0SUSANA TARR\u00c9\u00a0y opera conforme a la legislaci\u00f3n...\" \/>\n<meta property=\"og:url\" content=\"https:\/\/www.susanatarre.com\/ca\/politica-de-privacitat\/\" \/>\n<meta property=\"og:site_name\" content=\"susanatarre.com\" \/>\n<meta property=\"article:modified_time\" content=\"2022-03-07T08:52:43+00:00\" \/>\n<meta name=\"twitter:card\" content=\"summary_large_image\" \/>\n<meta name=\"twitter:label1\" content=\"Temps estimat de lectura\" \/>\n\t<meta name=\"twitter:data1\" content=\"7 minuts\" \/>\n<script type=\"application\/ld+json\" class=\"yoast-schema-graph\">{\"@context\":\"https:\/\/schema.org\",\"@graph\":[{\"@type\":\"WebPage\",\"@id\":\"https:\/\/www.susanatarre.com\/ca\/politica-de-privacitat\/\",\"url\":\"https:\/\/www.susanatarre.com\/ca\/politica-de-privacitat\/\",\"name\":\"Pol\u00edtica de Privacitat - susanatarre.com\",\"isPartOf\":{\"@id\":\"https:\/\/www.susanatarre.com\/ca\/#website\"},\"datePublished\":\"2022-03-07T08:52:01+00:00\",\"dateModified\":\"2022-03-07T08:52:43+00:00\",\"breadcrumb\":{\"@id\":\"https:\/\/www.susanatarre.com\/ca\/politica-de-privacitat\/#breadcrumb\"},\"inLanguage\":\"ca\",\"potentialAction\":[{\"@type\":\"ReadAction\",\"target\":[\"https:\/\/www.susanatarre.com\/ca\/politica-de-privacitat\/\"]}]},{\"@type\":\"BreadcrumbList\",\"@id\":\"https:\/\/www.susanatarre.com\/ca\/politica-de-privacitat\/#breadcrumb\",\"itemListElement\":[{\"@type\":\"ListItem\",\"position\":1,\"name\":\"Portada\",\"item\":\"https:\/\/www.susanatarre.com\/ca\/\"},{\"@type\":\"ListItem\",\"position\":2,\"name\":\"Pol\u00edtica de Privacitat\"}]},{\"@type\":\"WebSite\",\"@id\":\"https:\/\/www.susanatarre.com\/ca\/#website\",\"url\":\"https:\/\/www.susanatarre.com\/ca\/\",\"name\":\"susanatarre.com\",\"description\":\"Rebost Ib\u00e8ric\",\"potentialAction\":[{\"@type\":\"SearchAction\",\"target\":{\"@type\":\"EntryPoint\",\"urlTemplate\":\"https:\/\/www.susanatarre.com\/ca\/?s={search_term_string}\"},\"query-input\":\"required name=search_term_string\"}],\"inLanguage\":\"ca\"}]}<\/script>\n<!-- \/ Yoast SEO plugin. -->","yoast_head_json":{"title":"Pol\u00edtica de Privacitat - susanatarre.com","robots":{"index":"index","follow":"follow","max-snippet":"max-snippet:-1","max-image-preview":"max-image-preview:large","max-video-preview":"max-video-preview:-1"},"canonical":"https:\/\/www.susanatarre.com\/ca\/politica-de-privacitat\/","og_locale":"ca_ES","og_type":"article","og_title":"Pol\u00edtica de Privacitat - susanatarre.com","og_description":"Esta Pol\u00edtica de Privacidad establece las bases sobre las que\u00a0SUSANA MART\u00cdN TARR\u00c9, con NIF 44018266S con base en Barcelona, Catalu\u00f1a, Espa\u00f1a. La empresa actualmente opera en Espa\u00f1a y est\u00e1 orientada a la prestaci\u00f3n de servicios. La marca comercial es\u00a0SUSANA TARR\u00c9\u00a0y opera conforme a la legislaci\u00f3n...","og_url":"https:\/\/www.susanatarre.com\/ca\/politica-de-privacitat\/","og_site_name":"susanatarre.com","article_modified_time":"2022-03-07T08:52:43+00:00","twitter_card":"summary_large_image","twitter_misc":{"Temps estimat de lectura":"7 minuts"},"schema":{"@context":"https:\/\/schema.org","@graph":[{"@type":"WebPage","@id":"https:\/\/www.susanatarre.com\/ca\/politica-de-privacitat\/","url":"https:\/\/www.susanatarre.com\/ca\/politica-de-privacitat\/","name":"Pol\u00edtica de Privacitat - susanatarre.com","isPartOf":{"@id":"https:\/\/www.susanatarre.com\/ca\/#website"},"datePublished":"2022-03-07T08:52:01+00:00","dateModified":"2022-03-07T08:52:43+00:00","breadcrumb":{"@id":"https:\/\/www.susanatarre.com\/ca\/politica-de-privacitat\/#breadcrumb"},"inLanguage":"ca","potentialAction":[{"@type":"ReadAction","target":["https:\/\/www.susanatarre.com\/ca\/politica-de-privacitat\/"]}]},{"@type":"BreadcrumbList","@id":"https:\/\/www.susanatarre.com\/ca\/politica-de-privacitat\/#breadcrumb","itemListElement":[{"@type":"ListItem","position":1,"name":"Portada","item":"https:\/\/www.susanatarre.com\/ca\/"},{"@type":"ListItem","position":2,"name":"Pol\u00edtica de Privacitat"}]},{"@type":"WebSite","@id":"https:\/\/www.susanatarre.com\/ca\/#website","url":"https:\/\/www.susanatarre.com\/ca\/","name":"susanatarre.com","description":"Rebost Ib\u00e8ric","potentialAction":[{"@type":"SearchAction","target":{"@type":"EntryPoint","urlTemplate":"https:\/\/www.susanatarre.com\/ca\/?s={search_term_string}"},"query-input":"required name=search_term_string"}],"inLanguage":"ca"}]}},"_links":{"self":[{"href":"https:\/\/www.susanatarre.com\/ca\/wp-json\/wp\/v2\/pages\/1661","targetHints":{"allow":["GET"]}}],"collection":[{"href":"https:\/\/www.susanatarre.com\/ca\/wp-json\/wp\/v2\/pages"}],"about":[{"href":"https:\/\/www.susanatarre.com\/ca\/wp-json\/wp\/v2\/types\/page"}],"author":[{"embeddable":true,"href":"https:\/\/www.susanatarre.com\/ca\/wp-json\/wp\/v2\/users\/1"}],"replies":[{"embeddable":true,"href":"https:\/\/www.susanatarre.com\/ca\/wp-json\/wp\/v2\/comments?post=1661"}],"version-history":[{"count":2,"href":"https:\/\/www.susanatarre.com\/ca\/wp-json\/wp\/v2\/pages\/1661\/revisions"}],"predecessor-version":[{"id":1664,"href":"https:\/\/www.susanatarre.com\/ca\/wp-json\/wp\/v2\/pages\/1661\/revisions\/1664"}],"wp:attachment":[{"href":"https:\/\/www.susanatarre.com\/ca\/wp-json\/wp\/v2\/media?parent=1661"}],"curies":[{"name":"wp","href":"https:\/\/api.w.org\/{rel}","templated":true}]}}